{"id":2560,"date":"2018-12-20T09:43:11","date_gmt":"2018-12-20T09:43:11","guid":{"rendered":"https:\/\/exclusivecars.es\/en\/?page_id=2560"},"modified":"2020-01-17T09:27:55","modified_gmt":"2020-01-17T09:27:55","slug":"privacy-policy","status":"publish","type":"page","link":"https:\/\/exclusivecars.es\/en\/privacy-policy\/","title":{"rendered":"Privacy Policy"},"content":{"rendered":"<p><strong>INFORMACI\u00d3N B\u00c1SICA SOBRE PROTECCI\u00d3N DE DATOS<\/strong><\/p>\n<table width=\"100%\">\n<tbody>\n<tr>\n<td><strong>RESPONSABLE<\/strong><\/td>\n<td>EXCLUSIVE CARS &amp; DRIVERS, S.L. &#8211; CIF B98130701<\/td>\n<\/tr>\n<tr>\n<td><strong>CONTACTO<\/strong><\/td>\n<td>CALLE ALCALATEN, 33. POL. IND. LA COVA &#8211; MANISES (VALENCIA)<br \/>\nadministracion@nataliachen.com &#8211; Tel. 963338750<\/td>\n<\/tr>\n<tr>\n<td><strong>FINALIDADES<\/strong><\/td>\n<td><strong>Consultas Web<\/strong>. Respuesta a consultas recibidas a trav\u00e9s del formulario electr\u00f3nico de la web<\/p>\n<p><strong>Gesti\u00f3n de suscriptores<\/strong>: Marketing, publicidad y prospecci\u00f3n comercial<\/td>\n<\/tr>\n<tr>\n<td><strong>LEGITIMACION<\/strong><\/td>\n<td><strong>Consultas Web<\/strong>: Consentimiento expl\u00edcito del interesado e inter\u00e9s leg\u00edtimo<\/p>\n<p><strong>Gesti\u00f3n de suscriptores<\/strong>: Consentimiento expl\u00edcito del interesado<\/td>\n<\/tr>\n<tr>\n<td><strong>CONSERVACI\u00d3N<\/strong><\/td>\n<td><strong>Consultas Web<\/strong>: Durante un plazo de 1 a\u00f1o a partir de la \u00faltima confirmaci\u00f3n de inter\u00e9s<\/p>\n<p><strong>Gesti\u00f3n de suscriptores<\/strong>: Mientras no se solicite su supresi\u00f3n por el interesado<\/td>\n<\/tr>\n<tr>\n<td><strong>DESTINATARIOS<\/strong><\/td>\n<td>No cedemos sus datos a terceros<\/td>\n<\/tr>\n<tr>\n<td><strong>TRANSFERENCIAS INTERNACIONALES<\/strong><\/td>\n<td>No realizamos transferencias internacionales de sus datos<\/td>\n<\/tr>\n<tr>\n<td><strong>PROCEDENCIA<\/strong><\/td>\n<td><strong>Consultas Web<\/strong><\/p>\n<p>\u00b7\u00a0\u00a0\u00a0\u00a0\u00a0\u00a0\u00a0\u00a0\u00a0\u00a0\u00a0 <strong>Contactos web<\/strong>: El propio interesado o su representante legal<\/p>\n<p><strong>Gesti\u00f3n de suscriptores<\/strong><\/p>\n<p>\u00b7\u00a0\u00a0\u00a0\u00a0\u00a0\u00a0\u00a0\u00a0\u00a0\u00a0\u00a0 <strong>Suscriptores<\/strong>: El propio interesado o su representante legal<\/td>\n<\/tr>\n<tr>\n<td><strong>DERECHOS<\/strong><\/td>\n<td>Usted tiene derecho acceder a sus datos, rectificarlos, suprimirlos, limitar u oponerse a su tratamiento, a su portabilidad, a retirar su consentimiento y a presentar reclamaciones ante la Autoridad de Control (Agencia Espa\u00f1ola de Protecci\u00f3n de Datos). M\u00e1s informaci\u00f3n en nuestra \u00abPol\u00edtica de Privacidad y Protecci\u00f3n de Datos\u00bb.<\/td>\n<\/tr>\n<\/tbody>\n<\/table>\n<p>&nbsp;<\/p>\n<p><strong>DETALLES DE NUESTRA POL\u00cdTICA DE PRIVACIDAD<\/strong><\/p>\n<p><strong>1.- INFORMACI\u00d3N GENERAL<\/strong><\/p>\n<p>La presente \u00abPol\u00edtica de Privacidad y Protecci\u00f3n de Datos\u00bb tiene como finalidad dar a conocer las condiciones que rigen la recogida y tratamiento de sus datos personales por parte de nuestra entidad o grupo corporativo para velar por los derechos fundamentales, su honor y libertades, todo ello en cumplimiento de las normativas vigentes que regulan la Protecci\u00f3n de Datos personales seg\u00fan la Uni\u00f3n Europea y el Estado Miembro espa\u00f1ol.<\/p>\n<p>En conformidad con dichas normativas, necesitamos disponer de su autorizaci\u00f3n y consentimiento para la recogida y el tratamiento de sus datos personales, por lo que a continuaci\u00f3n, le indicamos todos los detalles de su inter\u00e9s respecto a c\u00f3mo realizamos estos procesos, con qu\u00e9 finalidades, que otras entidades podr\u00edan tener acceso a sus datos y cu\u00e1les son sus derechos.<\/p>\n<p>Por todo lo expuesto, una vez revisada y le\u00edda nuestra Pol\u00edtica de Protecci\u00f3n de Datos, es imprescindible que la acepte en prueba de su conformidad y consentimiento.<\/p>\n<p><strong>2.- RESPONSABLE DEL TRATAMIENTO<\/strong><\/p>\n<p><strong>\u00bfQui\u00e9n recaba y trata sus datos?<\/strong><\/p>\n<p>El Responsable del Tratamiento de Datos es aquella persona f\u00edsica o jur\u00eddica, de naturaleza p\u00fablica o privada, u \u00f3rgano administrativo, que solo o conjuntamente con otros determine los fines y medios del tratamiento de datos personales; en caso de que los fines y medios del tratamiento est\u00e9n determinados por el Derecho de la Uni\u00f3n Europea o del Estado Miembro espa\u00f1ol.<\/p>\n<p>En este caso, nuestros datos identificativos como Responsable del Tratamiento es el siguiente:<\/p>\n<p>EXCLUSIVE CARS &amp; DRIVERS, S.L. &#8211; CIF B98130701<\/p>\n<p><strong><br \/>\n\u00bfC\u00f3mo puede contactar con nosotros?<\/strong><\/p>\n<p><strong>Domicilio de nuestras oficinas:<br \/>\n<\/strong>Calle Alcalaten, 33. Pol. Ind. La Cova. 46940, Manises (Valencia), Espa\u00f1a<br \/>\nEmail: administracion@nataliachen.com &#8211; Tel\u00e9fono: 963338750<\/p>\n<p>&nbsp;<\/p>\n<p><strong>3.- MEDIDAS DE SEGURIDAD<\/strong><\/p>\n<p><strong>\u00bfQu\u00e9 hacemos para garantizar la privacidad de sus datos?<\/strong><\/p>\n<p>Nuestra entidad adopta las medidas organizativas y t\u00e9cnicas necesarias para garantizar la seguridad y la privacidad de sus datos, evitar su alteraci\u00f3n, p\u00e9rdida, tratamiento o acceso no autorizado, dependiendo del estado de la tecnolog\u00eda, la naturaleza de los datos almacenado y los riesgos a que est\u00e1n expuestos.<\/p>\n<p>Entre otras, destacan las siguientes medidas:<\/p>\n<ul>\n<li>Garantizar la confidencialidad, integridad, disponibilidad y resiliencia permanentes de los sistemas y servicios de tratamiento.<\/li>\n<li>Restaurar la disponibilidad y el acceso a los datos personales de forma r\u00e1pida, en caso de incidente f\u00edsico o t\u00e9cnico.<\/li>\n<li>Verificar, evaluar y valorar, de forma regular, la eficacia de las medidas t\u00e9cnicas y organizativas implementadas para garantizar la seguridad del tratamiento.<\/li>\n<li>Seudonimizar y cifrar los datos personales, en caso de que se trate de datos sensibles.<\/li>\n<\/ul>\n<p><strong>4.- FINALIDAD DEL TRATAMIENTO<\/strong><\/p>\n<p><strong>\u00bfPara qu\u00e9 queremos tratar sus datos? <\/strong><\/p>\n<p>Necesitamos su autorizaci\u00f3n y consentimiento para recabar y tratar sus datos personales, por lo que a continuaci\u00f3n le detallamos los usos y finalidades previstas.<\/p>\n<p><strong>Consultas Web<\/strong>. Respuesta a consultas recibidas a trav\u00e9s del formulario electr\u00f3nico de la web<\/p>\n<p><strong>Gesti\u00f3n de suscriptores<\/strong>: Marketing, publicidad y prospecci\u00f3n comercial.\u00a0 Al inscribirse a nuestros boletines, recibir\u00e1 informaci\u00f3n en su correo electr\u00f3nico respecto de nuestros servicios, actividades y promociones.<\/p>\n<p><strong><br \/>\n\u00bfDurante cu\u00e1nto tiempo conservamos sus datos?<\/strong><\/p>\n<p>Utilizamos sus datos durante el tiempo estrictamente necesario para cumplir las finalidades indicadas anteriormente. Salvo que exista una obligaci\u00f3n o requerimiento legal, los plazos de conservaci\u00f3n previstos son:<\/p>\n<p><strong>Consultas Web<\/strong>: Durante un plazo de 1 a\u00f1o a partir de la \u00faltima confirmaci\u00f3n de inter\u00e9s<\/p>\n<p><strong>Gesti\u00f3n de suscriptores<\/strong>: Mientras no se solicite su supresi\u00f3n por el interesado<\/p>\n<p>&nbsp;<\/p>\n<p><strong>5.- LEGITIMACI\u00d3N DEL TRATAMIENTO<\/strong><\/p>\n<p><strong>\u00bfPor qu\u00e9 tratamos sus datos?<\/strong><\/p>\n<p>La recogida y el tratamiento de sus datos est\u00e1 legitimado siempre por una o varias bases jur\u00eddicas, las cuales detallamos a continuaci\u00f3n:<\/p>\n<p><strong>Consultas Web<\/strong>: Inter\u00e9s leg\u00edtimo y consentimiento expl\u00edcito del interesado<\/p>\n<p><strong>Gesti\u00f3n de suscriptores<\/strong>: Consentimiento expl\u00edcito del interesado<\/p>\n<p>&nbsp;<\/p>\n<p><strong>6.- DESTINATARIOS DE SUS DATOS<\/strong><\/p>\n<p><strong>\u00bfA qui\u00e9nes cedemos sus datos dentro de la Uni\u00f3n Europea?<\/strong><\/p>\n<p>No realizamos cesiones de sus datos a terceras personas ni entidades, salvo obligaci\u00f3n legal.<\/p>\n<p><strong>\u00bfRealizamos Transferencias Internacionales de sus datos fuera de la Uni\u00f3n Europea?<\/strong><\/p>\n<p>No realizamos transferencias internacionales de sus datos<\/p>\n<p>&nbsp;<\/p>\n<p><strong>7.- PROCEDENCIA Y TIPOS DE DATOS TRATADOS<\/strong><\/p>\n<p><strong>\u00bfDe d\u00f3nde hemos obtenido sus datos?<\/strong><\/p>\n<p><strong>Consultas Web<\/strong><\/p>\n<ul>\n<li><strong>Contactos web<\/strong>: El propio interesado o su representante legal<\/li>\n<\/ul>\n<p><strong>Gesti\u00f3n de suscriptores<\/strong><\/p>\n<ul>\n<li><strong>Suscriptores<\/strong>: El propio interesado o su representante legal<\/li>\n<\/ul>\n<p>&nbsp;<\/p>\n<p><strong>\u00bfQu\u00e9 tipos de datos suyos hemos recabado y tratamos?<\/strong><\/p>\n<p><strong>Consultas Web<\/strong><\/p>\n<ul>\n<li><strong>Contactos web<\/strong>\n<ul>\n<li>Datos identificativos\n<ul>\n<li>Nombre y Apellidos<\/li>\n<li>Direcci\u00f3n electr\u00f3nica<\/li>\n<li>Tel\u00e9fono<\/li>\n<\/ul>\n<\/li>\n<\/ul>\n<\/li>\n<\/ul>\n<p><strong>Gesti\u00f3n de suscriptores<\/strong><\/p>\n<ul>\n<li><strong>Suscriptores<\/strong>\n<ul>\n<li>Datos identificativos\n<ul>\n<li>Direcci\u00f3n electr\u00f3nica<\/li>\n<\/ul>\n<\/li>\n<\/ul>\n<\/li>\n<\/ul>\n<p><strong>8.- DERECHOS DE LOS INTERESADOS<\/strong><\/p>\n<p><strong>\u00bfCu\u00e1les son los derechos que le amparan?<\/strong><\/p>\n<p>La normativa vigente de protecci\u00f3n de datos le ampara en una serie de derechos en relaci\u00f3n al uso que le damos a sus datos. Todos y cada uno de sus derechos son unipersonales e intransferibles, es decir, que \u00fanicamente pueden ser realizados por el titular de los datos, previa comprobaci\u00f3n de su identidad.<\/p>\n<p>A continuaci\u00f3n le indicamos cuales son los derechos que le asisten:<\/p>\n<ul>\n<li>Solicitar el ACCESO a sus datos personales<\/li>\n<li>Solicitar la RECTIFICACION de sus datos<\/li>\n<li>Solicitar la SUPRESI\u00d3N o eliminaci\u00f3n de sus datos (derecho al \u00abolvido\u00bb)<\/li>\n<li>LIMITAR u OPONERSE al uso que le damos a sus datos<\/li>\n<li>Derecho a la PORTABILIDAD de sus datos para casos de servicios de telecomunicaciones o internet.<\/li>\n<li>Derecho a RETIRAR su consentimiento en cualquier momento<\/li>\n<li>Derecho a presentar una RECLAMACI\u00d3N en materia de protecci\u00f3n de datos ante la Autoridad de Control: Agencia Espa\u00f1ola de Protecci\u00f3n de Datos<\/li>\n<\/ul>\n<p>&nbsp;<\/p>\n<p><strong>\u00bfC\u00f3mo puede ejercer sus derechos en relaci\u00f3n a sus datos?<\/strong><\/p>\n<p>Para el ejercicio de sus derechos de acceso, rectificaci\u00f3n, supresi\u00f3n, limitaci\u00f3n u oposici\u00f3n, portabilidad y retirada de su consentimiento, puede hacerlo de la siguiente forma:<\/p>\n<p><strong>Consultas Web<\/strong><\/p>\n<ul>\n<li><strong>Responsable:<\/strong> EXCLUSIVE CARS &amp; DRIVERS, S.L.<\/li>\n<li><strong>Direcci\u00f3n:<\/strong> CALLE ALCALATEN, 33. POL. IND. LA COVA. 46940, MANISES (Valencia), Espa\u00f1a<\/li>\n<li><strong>Tel\u00e9fono:<\/strong> 963338750<\/li>\n<li><strong>E-mail:<\/strong> administracion@nataliachen.com<\/li>\n<li><strong>P\u00e1gina web:<\/strong> https:\/\/exclusivecars.es\/en\/<\/li>\n<\/ul>\n<p><strong>\u00a0<\/strong><\/p>\n<p><strong>Gesti\u00f3n de suscriptores<\/strong><\/p>\n<ul>\n<li><strong>Responsable:<\/strong> EXCLUSIVE CARS &amp; DRIVERS, S.L.<\/li>\n<li><strong>Direcci\u00f3n:<\/strong> CALLE ALCALATEN, 33. POL. IND. LA COVA. 46940, MANISES (Valencia), Espa\u00f1a<\/li>\n<li><strong>Tel\u00e9fono:<\/strong> 963338750<\/li>\n<li><strong>E-mail:<\/strong> administracion@nataliachen.com<\/li>\n<li><strong>P\u00e1gina web:<\/strong> https:\/\/exclusivecars.es\/en\/<\/li>\n<\/ul>\n<p><strong>\u00bfC\u00f3mo puede presentar una reclamaci\u00f3n?<\/strong><\/p>\n<p>Adem\u00e1s de los derechos que le asisten, si cree que sus datos no se est\u00e1n recabando o tratando conforme a la normativa vigente de Protecci\u00f3n de Datos, usted podr\u00e1 realizar una reclamaci\u00f3n ante la Autoridad de Control, cuyos datos de contacto indicamos a continuaci\u00f3n:<\/p>\n<p><strong>Agencia Espa\u00f1ola de Protecci\u00f3n de Datos<\/strong><br \/>\nC\/. Jorge Juan, 6. 28001, Madrid (Madrid), Espa\u00f1a<br \/>\nEmail: info@agpd.es &#8211; Tel\u00e9fono: 912663517<br \/>\nWeb: https:\/\/www.agpd.es<\/p>\n<p><strong>9.- CONSENTIMIENTO Y ACEPTACI\u00d3N<\/strong><\/p>\n<p>La aceptaci\u00f3n del presente documento indica que usted entiende, acepta todas las cl\u00e1usulas de nuestra pol\u00edtica de privacidad por lo que autoriza la recogida y el tratamiento de sus datos personales en estos t\u00e9rminos. Esta aceptaci\u00f3n se realiza mediante la activaci\u00f3n de la casilla de verificaci\u00f3n de \u00abLectura y Aceptaci\u00f3n\u00bb de nuestra Pol\u00edtica de Privacidad.<\/p>\n<p>&nbsp;<\/p>\n<p>&nbsp;<\/p>\n","protected":false},"excerpt":{"rendered":"<p>INFORMACI\u00d3N B\u00c1SICA SOBRE PROTECCI\u00d3N DE DATOS RESPONSABLE EXCLUSIVE CARS &amp; DRIVERS, S.L. &#8211; CIF B98130701 CONTACTO CALLE ALCALATEN, 33. POL. IND. LA COVA &#8211; MANISES (VALENCIA) administracion@nataliachen.com &#8211; Tel. 963338750 FINALIDADES Consultas Web. Respuesta a consultas recibidas a trav\u00e9s del formulario electr\u00f3nico de la web Gesti\u00f3n de suscriptores: Marketing, publicidad y prospecci\u00f3n comercial LEGITIMACION Consultas &hellip; <\/p>\n<p class=\"link-more\"><a href=\"https:\/\/exclusivecars.es\/en\/privacy-policy\/\" class=\"more-link\">Continuar leyendo<span class=\"screen-reader-text\"> \u00abPrivacy Policy\u00bb<\/span><\/a><\/p>\n","protected":false},"author":1,"featured_media":0,"parent":0,"menu_order":0,"comment_status":"closed","ping_status":"closed","template":"","meta":{"footnotes":""},"_links":{"self":[{"href":"https:\/\/exclusivecars.es\/en\/wp-json\/wp\/v2\/pages\/2560"}],"collection":[{"href":"https:\/\/exclusivecars.es\/en\/wp-json\/wp\/v2\/pages"}],"about":[{"href":"https:\/\/exclusivecars.es\/en\/wp-json\/wp\/v2\/types\/page"}],"author":[{"embeddable":true,"href":"https:\/\/exclusivecars.es\/en\/wp-json\/wp\/v2\/users\/1"}],"replies":[{"embeddable":true,"href":"https:\/\/exclusivecars.es\/en\/wp-json\/wp\/v2\/comments?post=2560"}],"version-history":[{"count":6,"href":"https:\/\/exclusivecars.es\/en\/wp-json\/wp\/v2\/pages\/2560\/revisions"}],"predecessor-version":[{"id":4038,"href":"https:\/\/exclusivecars.es\/en\/wp-json\/wp\/v2\/pages\/2560\/revisions\/4038"}],"wp:attachment":[{"href":"https:\/\/exclusivecars.es\/en\/wp-json\/wp\/v2\/media?parent=2560"}],"curies":[{"name":"wp","href":"https:\/\/api.w.org\/{rel}","templated":true}]}}